{"id":36,"date":"2023-08-11T10:35:02","date_gmt":"2023-08-11T08:35:02","guid":{"rendered":"https:\/\/caencharpente.fr\/?page_id=36"},"modified":"2024-01-17T09:43:23","modified_gmt":"2024-01-17T08:43:23","slug":"gardes-corps","status":"publish","type":"page","link":"https:\/\/caencharpente.fr\/?page_id=36","title":{"rendered":"Gardes-corps"},"content":{"rendered":"\t\t<div data-elementor-type=\"wp-page\" data-elementor-id=\"36\" class=\"elementor elementor-36\">\n\t\t\t\t\t\t<section class=\"elementor-section elementor-top-section elementor-element elementor-element-ace22de elementor-section-full_width elementor-section-stretched elementor-section-height-default elementor-section-height-default\" data-id=\"ace22de\" data-element_type=\"section\" data-e-type=\"section\" data-settings=\"{&quot;stretch_section&quot;:&quot;section-stretched&quot;,&quot;background_background&quot;:&quot;classic&quot;}\">\n\t\t\t\t\t\t<div class=\"elementor-container elementor-column-gap-default\">\n\t\t\t\t\t<div class=\"elementor-column elementor-col-100 elementor-top-column elementor-element elementor-element-c262f19\" data-id=\"c262f19\" data-element_type=\"column\" data-e-type=\"column\">\n\t\t\t<div class=\"elementor-widget-wrap elementor-element-populated\">\n\t\t\t\t\t\t<div class=\"elementor-element elementor-element-2e8a156 elementor-widget__width-initial animated-slow e-transform elementor-widget-mobile__width-initial elementor-invisible elementor-widget elementor-widget-heading\" data-id=\"2e8a156\" data-element_type=\"widget\" data-e-type=\"widget\" data-settings=\"{&quot;_animation&quot;:&quot;fadeInLeft&quot;,&quot;_transform_translateX_effect&quot;:{&quot;unit&quot;:&quot;px&quot;,&quot;size&quot;:0,&quot;sizes&quot;:[]},&quot;_transform_translateY_effect&quot;:{&quot;unit&quot;:&quot;px&quot;,&quot;size&quot;:220,&quot;sizes&quot;:[]},&quot;_transform_translateX_effect_tablet&quot;:{&quot;unit&quot;:&quot;px&quot;,&quot;size&quot;:&quot;&quot;,&quot;sizes&quot;:[]},&quot;_transform_translateX_effect_mobile&quot;:{&quot;unit&quot;:&quot;px&quot;,&quot;size&quot;:&quot;&quot;,&quot;sizes&quot;:[]},&quot;_transform_translateY_effect_tablet&quot;:{&quot;unit&quot;:&quot;px&quot;,&quot;size&quot;:&quot;&quot;,&quot;sizes&quot;:[]},&quot;_transform_translateY_effect_mobile&quot;:{&quot;unit&quot;:&quot;px&quot;,&quot;size&quot;:&quot;&quot;,&quot;sizes&quot;:[]}}\" data-widget_type=\"heading.default\">\n\t\t\t\t<div class=\"elementor-widget-container\">\n\t\t\t\t\t<h2 class=\"elementor-heading-title elementor-size-default\">GARDE-CORPS<\/h2>\t\t\t\t<\/div>\n\t\t\t\t<\/div>\n\t\t\t\t\t<\/div>\n\t\t<\/div>\n\t\t\t\t\t<\/div>\n\t\t<\/section>\n\t\t\t\t<section class=\"elementor-section elementor-top-section elementor-element elementor-element-d0234ed elementor-section-boxed elementor-section-height-default elementor-section-height-default\" data-id=\"d0234ed\" data-element_type=\"section\" data-e-type=\"section\">\n\t\t\t\t\t\t<div class=\"elementor-container elementor-column-gap-default\">\n\t\t\t\t\t<div class=\"elementor-column elementor-col-100 elementor-top-column elementor-element elementor-element-56bbc4f\" data-id=\"56bbc4f\" data-element_type=\"column\" data-e-type=\"column\">\n\t\t\t<div class=\"elementor-widget-wrap elementor-element-populated\">\n\t\t\t\t\t\t<div class=\"elementor-element elementor-element-5b6f090 elementor-widget elementor-widget-text-editor\" data-id=\"5b6f090\" data-element_type=\"widget\" data-e-type=\"widget\" data-widget_type=\"text-editor.default\">\n\t\t\t\t<div class=\"elementor-widget-container\">\n\t\t\t\t\t\t\t\t\t<div id=\"1545073369\" class=\"u_1545073369 dmNewParagraph\" data-element-type=\"paragraph\" data-version=\"5\"><h1 class=\"m-size-32\"><span class=\"m-font-size-32\">Cr\u00e9ation et pose sur mesure de garde-corps et balustrades<\/span><span class=\"m-font-size-32\">\u00a0<\/span><span class=\"m-font-size-32\">\u00e0 Caen<\/span><\/h1><\/div><div id=\"1243346635\" class=\"dmNewParagraph\" data-element-type=\"paragraph\" data-version=\"5\"><p><span class=\"\">Besoin de s\u00e9curiser vos escaliers, une terrasse, une mezzanine ou vos abords de piscine ? Que diriez-vous d\u2019un garde-corps ou d\u2019une balustrade enti\u00e8rement personnalis\u00e9s\u202f? Chez Caen Charpente, nous concevons vos\u00a0<\/span><a href=\"https:\/\/caencharpente.fr\/?page_id=34\" type=\"page\">escaliers<\/a><span class=\"\">, votre\u00a0<\/span><a href=\"https:\/\/caencharpente.fr\/?page_id=38\" type=\"page\">parquet<\/a><span class=\"\">\u00a0et votre garde-corps sur mesure. Choisissez parmi la multitude de combinaisons possibles : bois, aluminium, c\u00e2ble\u2026<\/span><\/p><p><span class=\"\">Les mat\u00e9riaux disponibles sont nombreux et offrent de nombreuses possibilit\u00e9s. Que vous souhaitiez\u00a0<\/span><span class=\"\">personnaliser votre balustrade\u00a0<\/span><span class=\"\">ou votre garde-corps dans un style traditionnel, rustique ou moderne, nous donnons vie \u00e0 votre projet.<\/span><\/p><\/div>\t\t\t\t\t\t\t\t<\/div>\n\t\t\t\t<\/div>\n\t\t\t\t\t<\/div>\n\t\t<\/div>\n\t\t\t\t\t<\/div>\n\t\t<\/section>\n\t\t\t\t<section class=\"elementor-section elementor-top-section elementor-element elementor-element-910093c elementor-section-stretched elementor-section-boxed elementor-section-height-default elementor-section-height-default\" data-id=\"910093c\" data-element_type=\"section\" data-e-type=\"section\" data-settings=\"{&quot;stretch_section&quot;:&quot;section-stretched&quot;}\">\n\t\t\t\t\t\t<div class=\"elementor-container elementor-column-gap-default\">\n\t\t\t\t\t<div class=\"elementor-column elementor-col-50 elementor-top-column elementor-element elementor-element-b10030c\" data-id=\"b10030c\" data-element_type=\"column\" data-e-type=\"column\">\n\t\t\t<div class=\"elementor-widget-wrap elementor-element-populated\">\n\t\t\t\t\t\t<div class=\"elementor-element elementor-element-c991835 elementor-widget elementor-widget-image\" data-id=\"c991835\" data-element_type=\"widget\" data-e-type=\"widget\" data-widget_type=\"image.default\">\n\t\t\t\t<div class=\"elementor-widget-container\">\n\t\t\t\t\t\t\t\t\t\t\t\t\t\t\t<img decoding=\"async\" src=\"https:\/\/caencharpente.fr\/wp-content\/uploads\/elementor\/thumbs\/IMG_0455-2880w-rjmusleuq3b2kag78rhexaiuisg0cm29750ufaqeu8.webp\" title=\"IMG_0455-2880w\" alt=\"IMG_0455-2880w\" loading=\"lazy\" \/>\t\t\t\t\t\t\t\t\t\t\t\t\t\t\t<\/div>\n\t\t\t\t<\/div>\n\t\t\t\t\t<\/div>\n\t\t<\/div>\n\t\t\t\t<div class=\"elementor-column elementor-col-50 elementor-top-column elementor-element elementor-element-24ffd33\" data-id=\"24ffd33\" data-element_type=\"column\" data-e-type=\"column\">\n\t\t\t<div class=\"elementor-widget-wrap elementor-element-populated\">\n\t\t\t\t\t\t<div class=\"elementor-element elementor-element-ba18abb elementor-widget elementor-widget-text-editor\" data-id=\"ba18abb\" data-element_type=\"widget\" data-e-type=\"widget\" data-widget_type=\"text-editor.default\">\n\t\t\t\t<div class=\"elementor-widget-container\">\n\t\t\t\t\t\t\t\t\t<div id=\"1009246995\" class=\"u_1009246995 dmNewParagraph\" data-element-type=\"paragraph\" data-version=\"5\"><h2 class=\"m-size-28\"><span class=\"m-font-size-28\">Les diff\u00e9rents types de pose<\/span><span class=\"m-font-size-28\">\u00a0<\/span><span class=\"m-font-size-28\">pour les garde-corps<\/span><\/h2><\/div><div id=\"1871018929\" class=\"dmNewParagraph u_1871018929\" data-element-type=\"paragraph\" data-version=\"5\"><p>Garde-corps en nez de dalle, entre-tableaux ou sous-dalle\u2026 : \u00e0 chacun son style.<\/p><p><span class=\"\">Install\u00e9s pour s\u00e9curiser les zones expos\u00e9es aux risques de chute, le garde-corps et la balustrade jouent aussi un r\u00f4le esth\u00e9tique. \u00c0 l\u2019image des mat\u00e9riaux utilis\u00e9s et des composants d\u2019un garde-corps, sachez qu\u2019il existe de nombreux types de poses.<br \/>Fixation sur dalle ou\u00a0<\/span>\u00e0 la fran\u00e7aise<span class=\"\">, fixation en applique ou\u00a0<\/span>\u00e0 l\u2019anglaise, ou encore fixation sous-dalle, les diff\u00e9rents types de pose permettent de faire face \u00e0 toutes les situations tout en personnalisant le rendu final de votre installation.<\/p><\/div>\t\t\t\t\t\t\t\t<\/div>\n\t\t\t\t<\/div>\n\t\t\t\t\t<\/div>\n\t\t<\/div>\n\t\t\t\t\t<\/div>\n\t\t<\/section>\n\t\t\t\t<section class=\"elementor-section elementor-top-section elementor-element elementor-element-73e391c elementor-section-stretched elementor-section-boxed elementor-section-height-default elementor-section-height-default\" data-id=\"73e391c\" data-element_type=\"section\" data-e-type=\"section\" data-settings=\"{&quot;stretch_section&quot;:&quot;section-stretched&quot;}\">\n\t\t\t\t\t\t<div class=\"elementor-container elementor-column-gap-default\">\n\t\t\t\t\t<div class=\"elementor-column elementor-col-50 elementor-top-column elementor-element elementor-element-5dde2c8\" data-id=\"5dde2c8\" data-element_type=\"column\" data-e-type=\"column\">\n\t\t\t<div class=\"elementor-widget-wrap elementor-element-populated\">\n\t\t\t\t\t\t<div class=\"elementor-element elementor-element-c4d74c2 elementor-widget__width-initial elementor-widget elementor-widget-text-editor\" data-id=\"c4d74c2\" data-element_type=\"widget\" data-e-type=\"widget\" data-widget_type=\"text-editor.default\">\n\t\t\t\t<div class=\"elementor-widget-container\">\n\t\t\t\t\t\t\t\t\t<div id=\"1994314110\" class=\"u_1994314110 dmNewParagraph\" data-element-type=\"paragraph\" data-version=\"5\"><h2><span class=\"\">Pourquoi faire poser son garde-corps\u00a0<\/span>par des professionnels ? <\/h2><\/div><div id=\"1102029555\" class=\"dmNewParagraph u_1102029555\" data-element-type=\"paragraph\" data-version=\"5\"><p>Avant toute chose, il est important de savoir que l\u2019installation d\u2019un garde-corps ou d\u2019une balustrade est soumise \u00e0 des r\u00e8gles strictes de s\u00e9curit\u00e9. En effet, il est primordial de prot\u00e9ger vos proches et votre entourage de tout risque de chute.<\/p><p>La pose d\u2019un garde-corps ou d\u2019une rambarde est une obligation pour tout lieu pouvant produire une chute sup\u00e9rieure \u00e0 1 m\u00e8tre.\u00a0<\/p><p><span class=\"\">Pour votre s\u00e9r\u00e9nit\u00e9 et la\u00a0<\/span>s\u00e9curit\u00e9 de votre famille<span class=\"\">, il\u00a0<\/span>est donc capital de faire appel \u00e0 des professionnels.<\/p><\/div>\t\t\t\t\t\t\t\t<\/div>\n\t\t\t\t<\/div>\n\t\t\t\t\t<\/div>\n\t\t<\/div>\n\t\t\t\t<div class=\"elementor-column elementor-col-50 elementor-top-column elementor-element elementor-element-31192f0\" data-id=\"31192f0\" data-element_type=\"column\" data-e-type=\"column\">\n\t\t\t<div class=\"elementor-widget-wrap elementor-element-populated\">\n\t\t\t\t\t\t<div class=\"elementor-element elementor-element-89dcf63 elementor-widget elementor-widget-image\" data-id=\"89dcf63\" data-element_type=\"widget\" data-e-type=\"widget\" data-widget_type=\"image.default\">\n\t\t\t\t<div class=\"elementor-widget-container\">\n\t\t\t\t\t\t\t\t\t\t\t\t\t\t\t<img decoding=\"async\" src=\"https:\/\/caencharpente.fr\/wp-content\/uploads\/elementor\/thumbs\/IMG_2091-2880w-rjmusmcowxccvweu39w1hsab46bdkb5zj9obwkp0o0.webp\" title=\"IMG_2091-2880w\" alt=\"IMG_2091-2880w\" loading=\"lazy\" \/>\t\t\t\t\t\t\t\t\t\t\t\t\t\t\t<\/div>\n\t\t\t\t<\/div>\n\t\t\t\t\t<\/div>\n\t\t<\/div>\n\t\t\t\t\t<\/div>\n\t\t<\/section>\n\t\t\t\t<section class=\"elementor-section elementor-top-section elementor-element elementor-element-6021be2 elementor-section-stretched elementor-section-boxed elementor-section-height-default elementor-section-height-default\" data-id=\"6021be2\" data-element_type=\"section\" data-e-type=\"section\" data-settings=\"{&quot;stretch_section&quot;:&quot;section-stretched&quot;}\">\n\t\t\t\t\t\t<div class=\"elementor-container elementor-column-gap-default\">\n\t\t\t\t\t<div class=\"elementor-column elementor-col-50 elementor-top-column elementor-element elementor-element-5996a30\" data-id=\"5996a30\" data-element_type=\"column\" data-e-type=\"column\">\n\t\t\t<div class=\"elementor-widget-wrap elementor-element-populated\">\n\t\t\t\t\t\t<div class=\"elementor-element elementor-element-fc38336 elementor-widget elementor-widget-image\" data-id=\"fc38336\" data-element_type=\"widget\" data-e-type=\"widget\" data-widget_type=\"image.default\">\n\t\t\t\t<div class=\"elementor-widget-container\">\n\t\t\t\t\t\t\t\t\t\t\t\t\t\t\t<img decoding=\"async\" src=\"https:\/\/caencharpente.fr\/wp-content\/uploads\/elementor\/thumbs\/1-nouveau-Grand-rotated-rjmusnaj3rdn7idgxsao2a1rpk6qs09pvebtdunmhs.jpg\" title=\"1 nouveau (Grand)\" alt=\"1 nouveau (Grand)\" loading=\"lazy\" \/>\t\t\t\t\t\t\t\t\t\t\t\t\t\t\t<\/div>\n\t\t\t\t<\/div>\n\t\t\t\t\t<\/div>\n\t\t<\/div>\n\t\t\t\t<div class=\"elementor-column elementor-col-50 elementor-top-column elementor-element elementor-element-eec3c02\" data-id=\"eec3c02\" data-element_type=\"column\" data-e-type=\"column\">\n\t\t\t<div class=\"elementor-widget-wrap elementor-element-populated\">\n\t\t\t\t\t\t<div class=\"elementor-element elementor-element-4099ff6 elementor-widget elementor-widget-text-editor\" data-id=\"4099ff6\" data-element_type=\"widget\" data-e-type=\"widget\" data-widget_type=\"text-editor.default\">\n\t\t\t\t<div class=\"elementor-widget-container\">\n\t\t\t\t\t\t\t\t\t<div id=\"1156814736\" class=\"u_1156814736 dmNewParagraph\" data-element-type=\"paragraph\" data-version=\"5\"><h2 class=\"m-size-28\"><span class=\"m-font-size-28\">Vous souhaitez personnaliser vos garde-corps<\/span><span class=\"m-font-size-28\">\u00a0<\/span><span class=\"m-font-size-28\">? Contactez-nous !\u00a0<\/span><\/h2><\/div><div id=\"1751390141\" class=\"dmNewParagraph u_1751390141\" data-element-type=\"paragraph\" data-version=\"5\"><p>Vous souhaitez remplacer vos anciens garde-corps pour moderniser la d\u00e9coration de votre maison ? Contactez-nous et faites-nous part de toutes vos envies. Ensemble, donnons vie \u00e0 votre projet\u202f!<\/p><\/div>\t\t\t\t\t\t\t\t<\/div>\n\t\t\t\t<\/div>\n\t\t\t\t<div class=\"elementor-element elementor-element-78a35e1 elementor-widget elementor-widget-button\" data-id=\"78a35e1\" data-element_type=\"widget\" data-e-type=\"widget\" data-widget_type=\"button.default\">\n\t\t\t\t<div class=\"elementor-widget-container\">\n\t\t\t\t\t\t\t\t\t<div class=\"elementor-button-wrapper\">\n\t\t\t\t\t<a class=\"elementor-button elementor-button-link elementor-size-sm\" href=\"https:\/\/caencharpente.fr\/?page_id=72\">\n\t\t\t\t\t\t<span class=\"elementor-button-content-wrapper\">\n\t\t\t\t\t\t<span class=\"elementor-button-icon\">\n\t\t\t\t<i aria-hidden=\"true\" class=\"fas fa-phone-alt\"><\/i>\t\t\t<\/span>\n\t\t\t\t\t\t\t\t\t<span class=\"elementor-button-text\">Contactez-nous<\/span>\n\t\t\t\t\t<\/span>\n\t\t\t\t\t<\/a>\n\t\t\t\t<\/div>\n\t\t\t\t\t\t\t\t<\/div>\n\t\t\t\t<\/div>\n\t\t\t\t\t<\/div>\n\t\t<\/div>\n\t\t\t\t\t<\/div>\n\t\t<\/section>\n\t\t\t\t<\/div>\n\t\t","protected":false},"excerpt":{"rendered":"<p>GARDE-CORPS Cr\u00e9ation et pose sur mesure de garde-corps et balustrades\u00a0\u00e0 Caen Besoin de s\u00e9curiser vos escaliers, une terrasse, une mezzanine ou vos abords de piscine ? Que diriez-vous d\u2019un garde-corps ou d\u2019une balustrade enti\u00e8rement personnalis\u00e9s\u202f? Chez Caen Charpente, nous concevons vos\u00a0escaliers, votre\u00a0parquet\u00a0et votre garde-corps sur mesure. Choisissez parmi la multitude de combinaisons possibles : bois, [&hellip;]<\/p>\n","protected":false},"author":1,"featured_media":0,"parent":0,"menu_order":0,"comment_status":"closed","ping_status":"closed","template":"","meta":{"ocean_post_layout":"","ocean_both_sidebars_style":"","ocean_both_sidebars_content_width":0,"ocean_both_sidebars_sidebars_width":0,"ocean_sidebar":"0","ocean_second_sidebar":"0","ocean_disable_margins":"enable","ocean_add_body_class":"","ocean_shortcode_before_top_bar":"","ocean_shortcode_after_top_bar":"","ocean_shortcode_before_header":"","ocean_shortcode_after_header":"","ocean_has_shortcode":"","ocean_shortcode_after_title":"","ocean_shortcode_before_footer_widgets":"","ocean_shortcode_after_footer_widgets":"","ocean_shortcode_before_footer_bottom":"","ocean_shortcode_after_footer_bottom":"","ocean_display_top_bar":"default","ocean_display_header":"default","ocean_header_style":"","ocean_center_header_left_menu":"0","ocean_custom_header_template":"0","ocean_custom_logo":0,"ocean_custom_retina_logo":0,"ocean_custom_logo_max_width":0,"ocean_custom_logo_tablet_max_width":0,"ocean_custom_logo_mobile_max_width":0,"ocean_custom_logo_max_height":0,"ocean_custom_logo_tablet_max_height":0,"ocean_custom_logo_mobile_max_height":0,"ocean_header_custom_menu":"0","ocean_menu_typo_font_family":"0","ocean_menu_typo_font_subset":"","ocean_menu_typo_font_size":0,"ocean_menu_typo_font_size_tablet":0,"ocean_menu_typo_font_size_mobile":0,"ocean_menu_typo_font_size_unit":"px","ocean_menu_typo_font_weight":"","ocean_menu_typo_font_weight_tablet":"","ocean_menu_typo_font_weight_mobile":"","ocean_menu_typo_transform":"","ocean_menu_typo_transform_tablet":"","ocean_menu_typo_transform_mobile":"","ocean_menu_typo_line_height":0,"ocean_menu_typo_line_height_tablet":0,"ocean_menu_typo_line_height_mobile":0,"ocean_menu_typo_line_height_unit":"","ocean_menu_typo_spacing":0,"ocean_menu_typo_spacing_tablet":0,"ocean_menu_typo_spacing_mobile":0,"ocean_menu_typo_spacing_unit":"","ocean_menu_link_color":"","ocean_menu_link_color_hover":"","ocean_menu_link_color_active":"","ocean_menu_link_background":"","ocean_menu_link_hover_background":"","ocean_menu_link_active_background":"","ocean_menu_social_links_bg":"","ocean_menu_social_hover_links_bg":"","ocean_menu_social_links_color":"","ocean_menu_social_hover_links_color":"","ocean_disable_title":"default","ocean_disable_heading":"default","ocean_post_title":"","ocean_post_subheading":"","ocean_post_title_style":"","ocean_post_title_background_color":"","ocean_post_title_background":0,"ocean_post_title_bg_image_position":"","ocean_post_title_bg_image_attachment":"","ocean_post_title_bg_image_repeat":"","ocean_post_title_bg_image_size":"","ocean_post_title_height":0,"ocean_post_title_bg_overlay":0.5,"ocean_post_title_bg_overlay_color":"","ocean_disable_breadcrumbs":"default","ocean_breadcrumbs_color":"","ocean_breadcrumbs_separator_color":"","ocean_breadcrumbs_links_color":"","ocean_breadcrumbs_links_hover_color":"","ocean_display_footer_widgets":"default","ocean_display_footer_bottom":"default","ocean_custom_footer_template":"0","footnotes":""},"class_list":["post-36","page","type-page","status-publish","hentry","entry"],"yoast_head":"<!-- This site is optimized with the Yoast SEO plugin v27.0 - https:\/\/yoast.com\/product\/yoast-seo-wordpress\/ -->\n<title>Gardes-corps - Caen Charpente<\/title>\n<meta name=\"robots\" content=\"index, follow, max-snippet:-1, max-image-preview:large, max-video-preview:-1\" \/>\n<link rel=\"canonical\" href=\"https:\/\/caencharpente.fr\/?page_id=36\" \/>\n<meta property=\"og:locale\" content=\"fr_FR\" \/>\n<meta property=\"og:type\" content=\"article\" \/>\n<meta property=\"og:title\" content=\"Gardes-corps - Caen Charpente\" \/>\n<meta property=\"og:description\" content=\"GARDE-CORPS Cr\u00e9ation et pose sur mesure de garde-corps et balustrades\u00a0\u00e0 Caen Besoin de s\u00e9curiser vos escaliers, une terrasse, une mezzanine ou vos abords de piscine ? Que diriez-vous d\u2019un garde-corps ou d\u2019une balustrade enti\u00e8rement personnalis\u00e9s\u202f? Chez Caen Charpente, nous concevons vos\u00a0escaliers, votre\u00a0parquet\u00a0et votre garde-corps sur mesure. Choisissez parmi la multitude de combinaisons possibles : bois, [&hellip;]\" \/>\n<meta property=\"og:url\" content=\"https:\/\/caencharpente.fr\/?page_id=36\" \/>\n<meta property=\"og:site_name\" content=\"Caen Charpente\" \/>\n<meta property=\"article:modified_time\" content=\"2024-01-17T08:43:23+00:00\" \/>\n<meta property=\"og:image\" content=\"https:\/\/caencharpente.fr\/wp-content\/uploads\/elementor\/thumbs\/IMG_0455-2880w-qcyy31fckjgfwpb4hycd0ie3guot81y3ozalj0lwgw.webp\" \/>\n<meta name=\"twitter:card\" content=\"summary_large_image\" \/>\n<meta name=\"twitter:label1\" content=\"Dur\u00e9e de lecture estim\u00e9e\" \/>\n\t<meta name=\"twitter:data1\" content=\"3 minutes\" \/>\n<script type=\"application\/ld+json\" class=\"yoast-schema-graph\">{\"@context\":\"https:\/\/schema.org\",\"@graph\":[{\"@type\":\"WebPage\",\"@id\":\"https:\/\/caencharpente.fr\/?page_id=36\",\"url\":\"https:\/\/caencharpente.fr\/?page_id=36\",\"name\":\"Gardes-corps - Caen Charpente\",\"isPartOf\":{\"@id\":\"https:\/\/caencharpente.fr\/#website\"},\"primaryImageOfPage\":{\"@id\":\"https:\/\/caencharpente.fr\/?page_id=36#primaryimage\"},\"image\":{\"@id\":\"https:\/\/caencharpente.fr\/?page_id=36#primaryimage\"},\"thumbnailUrl\":\"https:\/\/caencharpente.fr\/wp-content\/uploads\/elementor\/thumbs\/IMG_0455-2880w-qcyy31fckjgfwpb4hycd0ie3guot81y3ozalj0lwgw.webp\",\"datePublished\":\"2023-08-11T08:35:02+00:00\",\"dateModified\":\"2024-01-17T08:43:23+00:00\",\"breadcrumb\":{\"@id\":\"https:\/\/caencharpente.fr\/?page_id=36#breadcrumb\"},\"inLanguage\":\"fr-FR\",\"potentialAction\":[{\"@type\":\"ReadAction\",\"target\":[\"https:\/\/caencharpente.fr\/?page_id=36\"]}]},{\"@type\":\"ImageObject\",\"inLanguage\":\"fr-FR\",\"@id\":\"https:\/\/caencharpente.fr\/?page_id=36#primaryimage\",\"url\":\"https:\/\/caencharpente.fr\/wp-content\/uploads\/elementor\/thumbs\/IMG_0455-2880w-qcyy31fckjgfwpb4hycd0ie3guot81y3ozalj0lwgw.webp\",\"contentUrl\":\"https:\/\/caencharpente.fr\/wp-content\/uploads\/elementor\/thumbs\/IMG_0455-2880w-qcyy31fckjgfwpb4hycd0ie3guot81y3ozalj0lwgw.webp\"},{\"@type\":\"BreadcrumbList\",\"@id\":\"https:\/\/caencharpente.fr\/?page_id=36#breadcrumb\",\"itemListElement\":[{\"@type\":\"ListItem\",\"position\":1,\"name\":\"Accueil\",\"item\":\"https:\/\/caencharpente.fr\/\"},{\"@type\":\"ListItem\",\"position\":2,\"name\":\"Gardes-corps\"}]},{\"@type\":\"WebSite\",\"@id\":\"https:\/\/caencharpente.fr\/#website\",\"url\":\"https:\/\/caencharpente.fr\/\",\"name\":\"Caen Charpente\",\"description\":\"\",\"publisher\":{\"@id\":\"https:\/\/caencharpente.fr\/#organization\"},\"potentialAction\":[{\"@type\":\"SearchAction\",\"target\":{\"@type\":\"EntryPoint\",\"urlTemplate\":\"https:\/\/caencharpente.fr\/?s={search_term_string}\"},\"query-input\":{\"@type\":\"PropertyValueSpecification\",\"valueRequired\":true,\"valueName\":\"search_term_string\"}}],\"inLanguage\":\"fr-FR\"},{\"@type\":\"Organization\",\"@id\":\"https:\/\/caencharpente.fr\/#organization\",\"name\":\"Caen Charpente\",\"url\":\"https:\/\/caencharpente.fr\/\",\"logo\":{\"@type\":\"ImageObject\",\"inLanguage\":\"fr-FR\",\"@id\":\"https:\/\/caencharpente.fr\/#\/schema\/logo\/image\/\",\"url\":\"https:\/\/caencharpente.fr\/wp-content\/uploads\/2023\/08\/cropped-cropped-cropped-Logo_CharpMenui_RVB__2_-removebg-preview-1920w.webp\",\"contentUrl\":\"https:\/\/caencharpente.fr\/wp-content\/uploads\/2023\/08\/cropped-cropped-cropped-Logo_CharpMenui_RVB__2_-removebg-preview-1920w.webp\",\"width\":1006,\"height\":248,\"caption\":\"Caen Charpente\"},\"image\":{\"@id\":\"https:\/\/caencharpente.fr\/#\/schema\/logo\/image\/\"}}]}<\/script>\n<!-- \/ Yoast SEO plugin. -->","yoast_head_json":{"title":"Gardes-corps - Caen Charpente","robots":{"index":"index","follow":"follow","max-snippet":"max-snippet:-1","max-image-preview":"max-image-preview:large","max-video-preview":"max-video-preview:-1"},"canonical":"https:\/\/caencharpente.fr\/?page_id=36","og_locale":"fr_FR","og_type":"article","og_title":"Gardes-corps - Caen Charpente","og_description":"GARDE-CORPS Cr\u00e9ation et pose sur mesure de garde-corps et balustrades\u00a0\u00e0 Caen Besoin de s\u00e9curiser vos escaliers, une terrasse, une mezzanine ou vos abords de piscine ? Que diriez-vous d\u2019un garde-corps ou d\u2019une balustrade enti\u00e8rement personnalis\u00e9s\u202f? Chez Caen Charpente, nous concevons vos\u00a0escaliers, votre\u00a0parquet\u00a0et votre garde-corps sur mesure. Choisissez parmi la multitude de combinaisons possibles : bois, [&hellip;]","og_url":"https:\/\/caencharpente.fr\/?page_id=36","og_site_name":"Caen Charpente","article_modified_time":"2024-01-17T08:43:23+00:00","og_image":[{"url":"https:\/\/caencharpente.fr\/wp-content\/uploads\/elementor\/thumbs\/IMG_0455-2880w-qcyy31fckjgfwpb4hycd0ie3guot81y3ozalj0lwgw.webp","type":"","width":"","height":""}],"twitter_card":"summary_large_image","twitter_misc":{"Dur\u00e9e de lecture estim\u00e9e":"3 minutes"},"schema":{"@context":"https:\/\/schema.org","@graph":[{"@type":"WebPage","@id":"https:\/\/caencharpente.fr\/?page_id=36","url":"https:\/\/caencharpente.fr\/?page_id=36","name":"Gardes-corps - Caen Charpente","isPartOf":{"@id":"https:\/\/caencharpente.fr\/#website"},"primaryImageOfPage":{"@id":"https:\/\/caencharpente.fr\/?page_id=36#primaryimage"},"image":{"@id":"https:\/\/caencharpente.fr\/?page_id=36#primaryimage"},"thumbnailUrl":"https:\/\/caencharpente.fr\/wp-content\/uploads\/elementor\/thumbs\/IMG_0455-2880w-qcyy31fckjgfwpb4hycd0ie3guot81y3ozalj0lwgw.webp","datePublished":"2023-08-11T08:35:02+00:00","dateModified":"2024-01-17T08:43:23+00:00","breadcrumb":{"@id":"https:\/\/caencharpente.fr\/?page_id=36#breadcrumb"},"inLanguage":"fr-FR","potentialAction":[{"@type":"ReadAction","target":["https:\/\/caencharpente.fr\/?page_id=36"]}]},{"@type":"ImageObject","inLanguage":"fr-FR","@id":"https:\/\/caencharpente.fr\/?page_id=36#primaryimage","url":"https:\/\/caencharpente.fr\/wp-content\/uploads\/elementor\/thumbs\/IMG_0455-2880w-qcyy31fckjgfwpb4hycd0ie3guot81y3ozalj0lwgw.webp","contentUrl":"https:\/\/caencharpente.fr\/wp-content\/uploads\/elementor\/thumbs\/IMG_0455-2880w-qcyy31fckjgfwpb4hycd0ie3guot81y3ozalj0lwgw.webp"},{"@type":"BreadcrumbList","@id":"https:\/\/caencharpente.fr\/?page_id=36#breadcrumb","itemListElement":[{"@type":"ListItem","position":1,"name":"Accueil","item":"https:\/\/caencharpente.fr\/"},{"@type":"ListItem","position":2,"name":"Gardes-corps"}]},{"@type":"WebSite","@id":"https:\/\/caencharpente.fr\/#website","url":"https:\/\/caencharpente.fr\/","name":"Caen Charpente","description":"","publisher":{"@id":"https:\/\/caencharpente.fr\/#organization"},"potentialAction":[{"@type":"SearchAction","target":{"@type":"EntryPoint","urlTemplate":"https:\/\/caencharpente.fr\/?s={search_term_string}"},"query-input":{"@type":"PropertyValueSpecification","valueRequired":true,"valueName":"search_term_string"}}],"inLanguage":"fr-FR"},{"@type":"Organization","@id":"https:\/\/caencharpente.fr\/#organization","name":"Caen Charpente","url":"https:\/\/caencharpente.fr\/","logo":{"@type":"ImageObject","inLanguage":"fr-FR","@id":"https:\/\/caencharpente.fr\/#\/schema\/logo\/image\/","url":"https:\/\/caencharpente.fr\/wp-content\/uploads\/2023\/08\/cropped-cropped-cropped-Logo_CharpMenui_RVB__2_-removebg-preview-1920w.webp","contentUrl":"https:\/\/caencharpente.fr\/wp-content\/uploads\/2023\/08\/cropped-cropped-cropped-Logo_CharpMenui_RVB__2_-removebg-preview-1920w.webp","width":1006,"height":248,"caption":"Caen Charpente"},"image":{"@id":"https:\/\/caencharpente.fr\/#\/schema\/logo\/image\/"}}]}},"_links":{"self":[{"href":"https:\/\/caencharpente.fr\/index.php?rest_route=\/wp\/v2\/pages\/36","targetHints":{"allow":["GET"]}}],"collection":[{"href":"https:\/\/caencharpente.fr\/index.php?rest_route=\/wp\/v2\/pages"}],"about":[{"href":"https:\/\/caencharpente.fr\/index.php?rest_route=\/wp\/v2\/types\/page"}],"author":[{"embeddable":true,"href":"https:\/\/caencharpente.fr\/index.php?rest_route=\/wp\/v2\/users\/1"}],"replies":[{"embeddable":true,"href":"https:\/\/caencharpente.fr\/index.php?rest_route=%2Fwp%2Fv2%2Fcomments&post=36"}],"version-history":[{"count":31,"href":"https:\/\/caencharpente.fr\/index.php?rest_route=\/wp\/v2\/pages\/36\/revisions"}],"predecessor-version":[{"id":1792,"href":"https:\/\/caencharpente.fr\/index.php?rest_route=\/wp\/v2\/pages\/36\/revisions\/1792"}],"wp:attachment":[{"href":"https:\/\/caencharpente.fr\/index.php?rest_route=%2Fwp%2Fv2%2Fmedia&parent=36"}],"curies":[{"name":"wp","href":"https:\/\/api.w.org\/{rel}","templated":true}]}}