{"id":42,"date":"2023-08-11T10:35:51","date_gmt":"2023-08-11T08:35:51","guid":{"rendered":"https:\/\/caencharpente.fr\/?page_id=42"},"modified":"2024-01-18T16:29:33","modified_gmt":"2024-01-18T15:29:33","slug":"portes","status":"publish","type":"page","link":"https:\/\/caencharpente.fr\/?page_id=42","title":{"rendered":"Portes"},"content":{"rendered":"\t\t<div data-elementor-type=\"wp-page\" data-elementor-id=\"42\" class=\"elementor elementor-42\">\n\t\t\t\t\t\t<section class=\"elementor-section elementor-top-section elementor-element elementor-element-215379b elementor-section-full_width elementor-section-stretched elementor-section-height-default elementor-section-height-default\" data-id=\"215379b\" data-element_type=\"section\" data-e-type=\"section\" data-settings=\"{&quot;stretch_section&quot;:&quot;section-stretched&quot;,&quot;background_background&quot;:&quot;classic&quot;}\">\n\t\t\t\t\t\t<div class=\"elementor-container elementor-column-gap-default\">\n\t\t\t\t\t<div class=\"elementor-column elementor-col-100 elementor-top-column elementor-element elementor-element-69f7b46\" data-id=\"69f7b46\" data-element_type=\"column\" data-e-type=\"column\">\n\t\t\t<div class=\"elementor-widget-wrap elementor-element-populated\">\n\t\t\t\t\t\t<div class=\"elementor-element elementor-element-9c8b66e elementor-widget__width-initial animated-slow e-transform elementor-widget-mobile__width-initial elementor-invisible elementor-widget elementor-widget-heading\" data-id=\"9c8b66e\" data-element_type=\"widget\" data-e-type=\"widget\" data-settings=\"{&quot;_animation&quot;:&quot;fadeInLeft&quot;,&quot;_transform_translateX_effect&quot;:{&quot;unit&quot;:&quot;px&quot;,&quot;size&quot;:0,&quot;sizes&quot;:[]},&quot;_transform_translateY_effect&quot;:{&quot;unit&quot;:&quot;px&quot;,&quot;size&quot;:150,&quot;sizes&quot;:[]},&quot;_transform_translateX_effect_tablet&quot;:{&quot;unit&quot;:&quot;px&quot;,&quot;size&quot;:&quot;&quot;,&quot;sizes&quot;:[]},&quot;_transform_translateX_effect_mobile&quot;:{&quot;unit&quot;:&quot;px&quot;,&quot;size&quot;:&quot;&quot;,&quot;sizes&quot;:[]},&quot;_transform_translateY_effect_tablet&quot;:{&quot;unit&quot;:&quot;px&quot;,&quot;size&quot;:&quot;&quot;,&quot;sizes&quot;:[]},&quot;_transform_translateY_effect_mobile&quot;:{&quot;unit&quot;:&quot;px&quot;,&quot;size&quot;:&quot;&quot;,&quot;sizes&quot;:[]}}\" data-widget_type=\"heading.default\">\n\t\t\t\t<div class=\"elementor-widget-container\">\n\t\t\t\t\t<h2 class=\"elementor-heading-title elementor-size-default\">PORTES<\/h2>\t\t\t\t<\/div>\n\t\t\t\t<\/div>\n\t\t\t\t\t<\/div>\n\t\t<\/div>\n\t\t\t\t\t<\/div>\n\t\t<\/section>\n\t\t\t\t<section class=\"elementor-section elementor-top-section elementor-element elementor-element-149c467 elementor-section-boxed elementor-section-height-default elementor-section-height-default\" data-id=\"149c467\" data-element_type=\"section\" data-e-type=\"section\">\n\t\t\t\t\t\t<div class=\"elementor-container elementor-column-gap-default\">\n\t\t\t\t\t<div class=\"elementor-column elementor-col-100 elementor-top-column elementor-element elementor-element-2032e06\" data-id=\"2032e06\" data-element_type=\"column\" data-e-type=\"column\">\n\t\t\t<div class=\"elementor-widget-wrap elementor-element-populated\">\n\t\t\t\t\t\t<div class=\"elementor-element elementor-element-75de2ce elementor-widget elementor-widget-text-editor\" data-id=\"75de2ce\" data-element_type=\"widget\" data-e-type=\"widget\" data-widget_type=\"text-editor.default\">\n\t\t\t\t<div class=\"elementor-widget-container\">\n\t\t\t\t\t\t\t\t\t<div id=\"1926911441\" class=\"u_1926911441 dmNewParagraph\" data-element-type=\"paragraph\" data-version=\"5\"><h1 class=\"m-size-32\"><span class=\"m-font-size-32\">Pose sur mesure de portes d&rsquo;entr\u00e9e et de garage \u00e0 Caen. <\/span><\/h1><\/div><div id=\"1646584906\" class=\"dmNewParagraph\" data-element-type=\"paragraph\" data-version=\"5\"><p>Rendez-nous visite pour s\u00e9lectionner la porte d\u2019entr\u00e9e ou de garage qu\u2019il vous faut. Nos menuisiers con\u00e7oivent la porte qui vous ressemble. Style de fermeture, mati\u00e8re, forme ou couleur : soyez accompagn\u00e9 comme il se doit par notre bureau d\u2019\u00e9tudes. Obtenez une installation de porte cl\u00e9s en main dans les meilleurs d\u00e9lais !<\/p><\/div>\t\t\t\t\t\t\t\t<\/div>\n\t\t\t\t<\/div>\n\t\t\t\t\t<\/div>\n\t\t<\/div>\n\t\t\t\t\t<\/div>\n\t\t<\/section>\n\t\t\t\t<section class=\"elementor-section elementor-top-section elementor-element elementor-element-5bc02ff elementor-section-boxed elementor-section-height-default elementor-section-height-default\" data-id=\"5bc02ff\" data-element_type=\"section\" data-e-type=\"section\">\n\t\t\t\t\t\t<div class=\"elementor-container elementor-column-gap-default\">\n\t\t\t\t\t<div class=\"elementor-column elementor-col-50 elementor-top-column elementor-element elementor-element-5f77e4d\" data-id=\"5f77e4d\" data-element_type=\"column\" data-e-type=\"column\">\n\t\t\t<div class=\"elementor-widget-wrap elementor-element-populated\">\n\t\t\t\t\t\t<div class=\"elementor-element elementor-element-c29a354 elementor-widget elementor-widget-image\" data-id=\"c29a354\" data-element_type=\"widget\" data-e-type=\"widget\" data-widget_type=\"image.default\">\n\t\t\t\t<div class=\"elementor-widget-container\">\n\t\t\t\t\t\t\t\t\t\t\t\t\t\t\t<img decoding=\"async\" src=\"https:\/\/caencharpente.fr\/wp-content\/uploads\/elementor\/thumbs\/4-2-rjmusmcowxccvweu39w1hsab46bdkb5zj9obwkp0o0.webp\" title=\"4\" alt=\"4\" loading=\"lazy\" \/>\t\t\t\t\t\t\t\t\t\t\t\t\t\t\t<\/div>\n\t\t\t\t<\/div>\n\t\t\t\t\t<\/div>\n\t\t<\/div>\n\t\t\t\t<div class=\"elementor-column elementor-col-50 elementor-top-column elementor-element elementor-element-9da3e3b\" data-id=\"9da3e3b\" data-element_type=\"column\" data-e-type=\"column\">\n\t\t\t<div class=\"elementor-widget-wrap elementor-element-populated\">\n\t\t\t\t\t\t<div class=\"elementor-element elementor-element-34a4c8f elementor-widget elementor-widget-text-editor\" data-id=\"34a4c8f\" data-element_type=\"widget\" data-e-type=\"widget\" data-widget_type=\"text-editor.default\">\n\t\t\t\t<div class=\"elementor-widget-container\">\n\t\t\t\t\t\t\t\t\t<div id=\"1414517057\" class=\"u_1414517057 dmNewParagraph\" data-element-type=\"paragraph\" data-version=\"5\"><h2 class=\"m-size-28\"><span class=\"m-font-size-28\">La pose de porte d\u2019entr\u00e9e<\/span><span class=\"m-font-size-28\">\u00a0<\/span><span class=\"m-font-size-28\">pour tous les styles<\/span><\/h2><\/div><div id=\"1918208545\" class=\"dmNewParagraph u_1918208545\" data-element-type=\"paragraph\" data-version=\"5\"><p>\u00a0Accueillez vos invit\u00e9s comme il se doit avec une porte d\u2019entr\u00e9e digne de ce nom.<\/p><p>\u00c9l\u00e9gante, moderne ou contemporaine, votre porte d\u2019entr\u00e9e est faite sur mesure aux dimensions demand\u00e9es. PVC, aluminium, bois ou mixte, quels que soient les mat\u00e9riaux choisis pour votre porte, ceux-ci poss\u00e8dent des caract\u00e9ristiques communes :\u00a0<\/p><ul class=\"defaultList\"><li>une isolation performante ;<\/li><li>une robustesse ;<\/li><li>un large choix de forme et de couleurs.<\/li><li>Le vitrage vient apporter de la lumi\u00e8re dans votre int\u00e9rieur . Un large choix de forme et de texture. <\/li><\/ul><\/div>\t\t\t\t\t\t\t\t<\/div>\n\t\t\t\t<\/div>\n\t\t\t\t\t<\/div>\n\t\t<\/div>\n\t\t\t\t\t<\/div>\n\t\t<\/section>\n\t\t\t\t<section class=\"elementor-section elementor-top-section elementor-element elementor-element-6793e19 elementor-section-boxed elementor-section-height-default elementor-section-height-default\" data-id=\"6793e19\" data-element_type=\"section\" data-e-type=\"section\">\n\t\t\t\t\t\t<div class=\"elementor-container elementor-column-gap-default\">\n\t\t\t\t\t<div class=\"elementor-column elementor-col-50 elementor-top-column elementor-element elementor-element-1e02447\" data-id=\"1e02447\" data-element_type=\"column\" data-e-type=\"column\">\n\t\t\t<div class=\"elementor-widget-wrap elementor-element-populated\">\n\t\t\t\t\t\t<div class=\"elementor-element elementor-element-6823268 elementor-widget elementor-widget-text-editor\" data-id=\"6823268\" data-element_type=\"widget\" data-e-type=\"widget\" data-widget_type=\"text-editor.default\">\n\t\t\t\t<div class=\"elementor-widget-container\">\n\t\t\t\t\t\t\t\t\t<div id=\"1952796997\" class=\"u_1952796997 dmRespCol small-12 large-4 medium-4\"><div id=\"1531176101\" class=\"dmRespRow u_1531176101\"><div id=\"1566588614\" class=\"dmRespColsWrapper\"><div id=\"1248804267\" class=\"dmRespCol small-12 medium-12 large-12 u_1248804267\"><div id=\"1034949821\" class=\"u_1034949821 dmNewParagraph\" data-element-type=\"paragraph\" data-version=\"5\"><h2>Une porte de garage<br \/>qui d\u00e9peint votre personnalit\u00e9 <\/h2><\/div><div id=\"1647532860\" class=\"dmNewParagraph u_1647532860\" data-element-type=\"paragraph\" data-version=\"5\"><p><span class=\"\">\u00c9l\u00e9ment de\u00a0<\/span><a href=\"https:\/\/caencharpente.fr\/?page_id=17\" type=\"page\">menuiserie ext\u00e9rieure<\/a><span class=\"\">\u00a0par excellence, la porte de garage peut se vouloir avec une ouverture\u00a0<\/span>coulissante ou \u00e0 battants. Vous pouvez envisager de motoriser votre porte de garage. Gagnez en autonomie avec une assistance \u00e9lectrique \u00e0 distance !<\/p><p>Le choix du mat\u00e9riau refl\u00e8te votre personnalit\u00e9. Le bois est chaleureux, rustique et traditionnel. Le PVC est solide, simple et conciliant. L\u2019aluminium est fin, subtil et \u00e9l\u00e9gant. Alors, vous \u00eates plut\u00f4t bois, PVC ou alu ?<\/p><\/div><\/div><\/div><\/div><\/div><div id=\"1064609167\" class=\"u_1064609167 dmRespCol small-12 large-1 medium-1 hide-for-small\">\u00a0<\/div>\t\t\t\t\t\t\t\t<\/div>\n\t\t\t\t<\/div>\n\t\t\t\t\t<\/div>\n\t\t<\/div>\n\t\t\t\t<div class=\"elementor-column elementor-col-50 elementor-top-column elementor-element elementor-element-d816e94\" data-id=\"d816e94\" data-element_type=\"column\" data-e-type=\"column\">\n\t\t\t<div class=\"elementor-widget-wrap elementor-element-populated\">\n\t\t\t\t\t\t<div class=\"elementor-element elementor-element-0a98b1e elementor-widget elementor-widget-image\" data-id=\"0a98b1e\" data-element_type=\"widget\" data-e-type=\"widget\" data-widget_type=\"image.default\">\n\t\t\t\t<div class=\"elementor-widget-container\">\n\t\t\t\t\t\t\t\t\t\t\t\t\t\t\t<img decoding=\"async\" src=\"https:\/\/caencharpente.fr\/wp-content\/uploads\/elementor\/thumbs\/2-nouveau-Grand-rjmusnaj3rdn7idgxsao2a1rpk6qs09pvebtdunmhs.jpg\" title=\"2 nouveau (Grand)\" alt=\"2 nouveau (Grand)\" loading=\"lazy\" \/>\t\t\t\t\t\t\t\t\t\t\t\t\t\t\t<\/div>\n\t\t\t\t<\/div>\n\t\t\t\t\t<\/div>\n\t\t<\/div>\n\t\t\t\t\t<\/div>\n\t\t<\/section>\n\t\t\t\t<section class=\"elementor-section elementor-top-section elementor-element elementor-element-09b934d elementor-section-boxed elementor-section-height-default elementor-section-height-default\" data-id=\"09b934d\" data-element_type=\"section\" data-e-type=\"section\">\n\t\t\t\t\t\t<div class=\"elementor-container elementor-column-gap-default\">\n\t\t\t\t\t<div class=\"elementor-column elementor-col-50 elementor-top-column elementor-element elementor-element-6f8e53d\" data-id=\"6f8e53d\" data-element_type=\"column\" data-e-type=\"column\">\n\t\t\t<div class=\"elementor-widget-wrap elementor-element-populated\">\n\t\t\t\t\t\t<div class=\"elementor-element elementor-element-5848abe elementor-widget elementor-widget-image\" data-id=\"5848abe\" data-element_type=\"widget\" data-e-type=\"widget\" data-widget_type=\"image.default\">\n\t\t\t\t<div class=\"elementor-widget-container\">\n\t\t\t\t\t\t\t\t\t\t\t\t\t\t\t<img decoding=\"async\" src=\"https:\/\/caencharpente.fr\/wp-content\/uploads\/elementor\/thumbs\/1-2-rjmusmcowxccvweu39w1hsab46bdkb5zj9obwkp0o0.webp\" title=\"1\" alt=\"1\" loading=\"lazy\" \/>\t\t\t\t\t\t\t\t\t\t\t\t\t\t\t<\/div>\n\t\t\t\t<\/div>\n\t\t\t\t\t<\/div>\n\t\t<\/div>\n\t\t\t\t<div class=\"elementor-column elementor-col-50 elementor-top-column elementor-element elementor-element-7785b5e\" data-id=\"7785b5e\" data-element_type=\"column\" data-e-type=\"column\">\n\t\t\t<div class=\"elementor-widget-wrap elementor-element-populated\">\n\t\t\t\t\t\t<div class=\"elementor-element elementor-element-4b3c19d elementor-widget elementor-widget-text-editor\" data-id=\"4b3c19d\" data-element_type=\"widget\" data-e-type=\"widget\" data-widget_type=\"text-editor.default\">\n\t\t\t\t<div class=\"elementor-widget-container\">\n\t\t\t\t\t\t\t\t\t<div id=\"1388503391\" class=\"u_1388503391 dmNewParagraph\" data-element-type=\"paragraph\" data-version=\"5\"><h2 class=\"m-size-28\"><span class=\"m-font-size-28\">Un gain d\u2019espace fonctionnel :<\/span><span class=\"m-font-size-28\">\u00a0<\/span><span class=\"m-font-size-28\">la pose d&rsquo;une porte coulissante<\/span><\/h2><\/div><div id=\"1753807029\" class=\"dmNewParagraph u_1753807029\" data-element-type=\"paragraph\" data-version=\"5\"><p><span class=\"\">Les portes battantes ont tendance \u00e0 prendre leur aise dans nos habitations. Un syst\u00e8me de porte coulissante a l\u2019avantage de pouvoir \u00eatre camoufl\u00e9 dans la structure. Que votre utilisation de porte soit principale ou secondaire, la pose d\u2019une\u00a0<\/span>porte coulissante<span class=\"\">\u00a0est peu encombrante. Ne perdez aucune place dans votre habitation !<\/span><\/p><p><span class=\"\">Installez un syst\u00e8me coulissant pour une porte de salle de bains dans l\u2019am\u00e9nagement de vos combles ou la\u00a0<\/span><a href=\"https:\/\/caencharpente.fr\/?page_id=44\" type=\"page\">pose d\u2019un portail<\/a><span class=\"\">\u00a0dans une cour.<\/span><\/p><\/div>\t\t\t\t\t\t\t\t<\/div>\n\t\t\t\t<\/div>\n\t\t\t\t\t<\/div>\n\t\t<\/div>\n\t\t\t\t\t<\/div>\n\t\t<\/section>\n\t\t\t\t<section class=\"elementor-section elementor-top-section elementor-element elementor-element-9049776 elementor-section-boxed elementor-section-height-default elementor-section-height-default\" data-id=\"9049776\" data-element_type=\"section\" data-e-type=\"section\">\n\t\t\t\t\t\t<div class=\"elementor-container elementor-column-gap-default\">\n\t\t\t\t\t<div class=\"elementor-column elementor-col-50 elementor-top-column elementor-element elementor-element-f807f17\" data-id=\"f807f17\" data-element_type=\"column\" data-e-type=\"column\">\n\t\t\t<div class=\"elementor-widget-wrap elementor-element-populated\">\n\t\t\t\t\t\t<div class=\"elementor-element elementor-element-9a3dce3 elementor-widget elementor-widget-text-editor\" data-id=\"9a3dce3\" data-element_type=\"widget\" data-e-type=\"widget\" data-widget_type=\"text-editor.default\">\n\t\t\t\t<div class=\"elementor-widget-container\">\n\t\t\t\t\t\t\t\t\t<div id=\"1859124935\" class=\"u_1859124935 dmNewParagraph\" data-element-type=\"paragraph\" data-version=\"5\"><h2 class=\"m-size-28\"><span class=\"m-font-size-28\">100\u2009% personnel :<\/span><span class=\"m-font-size-28\"><br \/>faites le choix d\u2019une porte sur mesure\u00a0<\/span><\/h2><\/div><div id=\"1135320520\" class=\"dmNewParagraph u_1135320520\" data-element-type=\"paragraph\" data-version=\"5\"><p>Vous souhaitez avoir une porte qui en impose ? Vous avez envie d\u2019une porte personnalis\u00e9e que les autres n\u2019ont pas ? Optez pour une cr\u00e9ation sur mesure d\u2019une porte qui vous ressemble.<\/p><p>Profitez de notre expertise pour concevoir une belle porte aux dimensions voulues. Stylis\u00e9e, ajour\u00e9e ou vitr\u00e9e, votre porte r\u00e9v\u00e9lera la premi\u00e8re impression de votre foyer.<\/p><\/div>\t\t\t\t\t\t\t\t<\/div>\n\t\t\t\t<\/div>\n\t\t\t\t<div class=\"elementor-element elementor-element-c7d37a7 elementor-widget elementor-widget-button\" data-id=\"c7d37a7\" data-element_type=\"widget\" data-e-type=\"widget\" data-widget_type=\"button.default\">\n\t\t\t\t<div class=\"elementor-widget-container\">\n\t\t\t\t\t\t\t\t\t<div class=\"elementor-button-wrapper\">\n\t\t\t\t\t<a class=\"elementor-button elementor-button-link elementor-size-sm\" href=\"https:\/\/caencharpente.fr\/?page_id=72\">\n\t\t\t\t\t\t<span class=\"elementor-button-content-wrapper\">\n\t\t\t\t\t\t<span class=\"elementor-button-icon\">\n\t\t\t\t<i aria-hidden=\"true\" class=\"fas fa-phone-alt\"><\/i>\t\t\t<\/span>\n\t\t\t\t\t\t\t\t\t<span class=\"elementor-button-text\">Contactez-nous<\/span>\n\t\t\t\t\t<\/span>\n\t\t\t\t\t<\/a>\n\t\t\t\t<\/div>\n\t\t\t\t\t\t\t\t<\/div>\n\t\t\t\t<\/div>\n\t\t\t\t\t<\/div>\n\t\t<\/div>\n\t\t\t\t<div class=\"elementor-column elementor-col-50 elementor-top-column elementor-element elementor-element-7aaf3f7\" data-id=\"7aaf3f7\" data-element_type=\"column\" data-e-type=\"column\">\n\t\t\t<div class=\"elementor-widget-wrap elementor-element-populated\">\n\t\t\t\t\t\t<div class=\"elementor-element elementor-element-ef50ac3 elementor-widget__width-initial elementor-widget elementor-widget-image\" data-id=\"ef50ac3\" data-element_type=\"widget\" data-e-type=\"widget\" data-widget_type=\"image.default\">\n\t\t\t\t<div class=\"elementor-widget-container\">\n\t\t\t\t\t\t\t\t\t\t\t\t\t\t\t<img decoding=\"async\" src=\"https:\/\/caencharpente.fr\/wp-content\/uploads\/elementor\/thumbs\/5-2-rjmusleuq3b2kag78rhexaiuisg0cm29750ufaqeu8.webp\" title=\"5\" alt=\"5\" loading=\"lazy\" \/>\t\t\t\t\t\t\t\t\t\t\t\t\t\t\t<\/div>\n\t\t\t\t<\/div>\n\t\t\t\t\t<\/div>\n\t\t<\/div>\n\t\t\t\t\t<\/div>\n\t\t<\/section>\n\t\t\t\t<\/div>\n\t\t","protected":false},"excerpt":{"rendered":"<p>PORTES Pose sur mesure de portes d&rsquo;entr\u00e9e et de garage \u00e0 Caen. Rendez-nous visite pour s\u00e9lectionner la porte d\u2019entr\u00e9e ou de garage qu\u2019il vous faut. Nos menuisiers con\u00e7oivent la porte qui vous ressemble. Style de fermeture, mati\u00e8re, forme ou couleur : soyez accompagn\u00e9 comme il se doit par notre bureau d\u2019\u00e9tudes. Obtenez une installation de [&hellip;]<\/p>\n","protected":false},"author":1,"featured_media":0,"parent":0,"menu_order":0,"comment_status":"closed","ping_status":"closed","template":"","meta":{"ocean_post_layout":"","ocean_both_sidebars_style":"","ocean_both_sidebars_content_width":0,"ocean_both_sidebars_sidebars_width":0,"ocean_sidebar":"0","ocean_second_sidebar":"0","ocean_disable_margins":"enable","ocean_add_body_class":"","ocean_shortcode_before_top_bar":"","ocean_shortcode_after_top_bar":"","ocean_shortcode_before_header":"","ocean_shortcode_after_header":"","ocean_has_shortcode":"","ocean_shortcode_after_title":"","ocean_shortcode_before_footer_widgets":"","ocean_shortcode_after_footer_widgets":"","ocean_shortcode_before_footer_bottom":"","ocean_shortcode_after_footer_bottom":"","ocean_display_top_bar":"default","ocean_display_header":"default","ocean_header_style":"","ocean_center_header_left_menu":"0","ocean_custom_header_template":"0","ocean_custom_logo":0,"ocean_custom_retina_logo":0,"ocean_custom_logo_max_width":0,"ocean_custom_logo_tablet_max_width":0,"ocean_custom_logo_mobile_max_width":0,"ocean_custom_logo_max_height":0,"ocean_custom_logo_tablet_max_height":0,"ocean_custom_logo_mobile_max_height":0,"ocean_header_custom_menu":"0","ocean_menu_typo_font_family":"0","ocean_menu_typo_font_subset":"","ocean_menu_typo_font_size":0,"ocean_menu_typo_font_size_tablet":0,"ocean_menu_typo_font_size_mobile":0,"ocean_menu_typo_font_size_unit":"px","ocean_menu_typo_font_weight":"","ocean_menu_typo_font_weight_tablet":"","ocean_menu_typo_font_weight_mobile":"","ocean_menu_typo_transform":"","ocean_menu_typo_transform_tablet":"","ocean_menu_typo_transform_mobile":"","ocean_menu_typo_line_height":0,"ocean_menu_typo_line_height_tablet":0,"ocean_menu_typo_line_height_mobile":0,"ocean_menu_typo_line_height_unit":"","ocean_menu_typo_spacing":0,"ocean_menu_typo_spacing_tablet":0,"ocean_menu_typo_spacing_mobile":0,"ocean_menu_typo_spacing_unit":"","ocean_menu_link_color":"","ocean_menu_link_color_hover":"","ocean_menu_link_color_active":"","ocean_menu_link_background":"","ocean_menu_link_hover_background":"","ocean_menu_link_active_background":"","ocean_menu_social_links_bg":"","ocean_menu_social_hover_links_bg":"","ocean_menu_social_links_color":"","ocean_menu_social_hover_links_color":"","ocean_disable_title":"default","ocean_disable_heading":"default","ocean_post_title":"","ocean_post_subheading":"","ocean_post_title_style":"","ocean_post_title_background_color":"","ocean_post_title_background":0,"ocean_post_title_bg_image_position":"","ocean_post_title_bg_image_attachment":"","ocean_post_title_bg_image_repeat":"","ocean_post_title_bg_image_size":"","ocean_post_title_height":0,"ocean_post_title_bg_overlay":0.5,"ocean_post_title_bg_overlay_color":"","ocean_disable_breadcrumbs":"default","ocean_breadcrumbs_color":"","ocean_breadcrumbs_separator_color":"","ocean_breadcrumbs_links_color":"","ocean_breadcrumbs_links_hover_color":"","ocean_display_footer_widgets":"default","ocean_display_footer_bottom":"default","ocean_custom_footer_template":"0","footnotes":""},"class_list":["post-42","page","type-page","status-publish","hentry","entry"],"yoast_head":"<!-- This site is optimized with the Yoast SEO plugin v27.0 - https:\/\/yoast.com\/product\/yoast-seo-wordpress\/ -->\n<title>Portes - Caen Charpente<\/title>\n<meta name=\"robots\" content=\"index, follow, max-snippet:-1, max-image-preview:large, max-video-preview:-1\" \/>\n<link rel=\"canonical\" href=\"https:\/\/caencharpente.fr\/?page_id=42\" \/>\n<meta property=\"og:locale\" content=\"fr_FR\" \/>\n<meta property=\"og:type\" content=\"article\" \/>\n<meta property=\"og:title\" content=\"Portes - Caen Charpente\" \/>\n<meta property=\"og:description\" content=\"PORTES Pose sur mesure de portes d&rsquo;entr\u00e9e et de garage \u00e0 Caen. Rendez-nous visite pour s\u00e9lectionner la porte d\u2019entr\u00e9e ou de garage qu\u2019il vous faut. Nos menuisiers con\u00e7oivent la porte qui vous ressemble. Style de fermeture, mati\u00e8re, forme ou couleur : soyez accompagn\u00e9 comme il se doit par notre bureau d\u2019\u00e9tudes. Obtenez une installation de [&hellip;]\" \/>\n<meta property=\"og:url\" content=\"https:\/\/caencharpente.fr\/?page_id=42\" \/>\n<meta property=\"og:site_name\" content=\"Caen Charpente\" \/>\n<meta property=\"article:modified_time\" content=\"2024-01-18T15:29:33+00:00\" \/>\n<meta property=\"og:image\" content=\"https:\/\/caencharpente.fr\/wp-content\/uploads\/elementor\/thumbs\/4-2-qd2iek2ufp88i578r9kvlahvdjo7d243th02bl7au8.webp\" \/>\n<meta name=\"twitter:card\" content=\"summary_large_image\" \/>\n<meta name=\"twitter:label1\" content=\"Dur\u00e9e de lecture estim\u00e9e\" \/>\n\t<meta name=\"twitter:data1\" content=\"3 minutes\" \/>\n<script type=\"application\/ld+json\" class=\"yoast-schema-graph\">{\"@context\":\"https:\/\/schema.org\",\"@graph\":[{\"@type\":\"WebPage\",\"@id\":\"https:\/\/caencharpente.fr\/?page_id=42\",\"url\":\"https:\/\/caencharpente.fr\/?page_id=42\",\"name\":\"Portes - Caen Charpente\",\"isPartOf\":{\"@id\":\"https:\/\/caencharpente.fr\/#website\"},\"primaryImageOfPage\":{\"@id\":\"https:\/\/caencharpente.fr\/?page_id=42#primaryimage\"},\"image\":{\"@id\":\"https:\/\/caencharpente.fr\/?page_id=42#primaryimage\"},\"thumbnailUrl\":\"https:\/\/caencharpente.fr\/wp-content\/uploads\/elementor\/thumbs\/4-2-qd2iek2ufp88i578r9kvlahvdjo7d243th02bl7au8.webp\",\"datePublished\":\"2023-08-11T08:35:51+00:00\",\"dateModified\":\"2024-01-18T15:29:33+00:00\",\"breadcrumb\":{\"@id\":\"https:\/\/caencharpente.fr\/?page_id=42#breadcrumb\"},\"inLanguage\":\"fr-FR\",\"potentialAction\":[{\"@type\":\"ReadAction\",\"target\":[\"https:\/\/caencharpente.fr\/?page_id=42\"]}]},{\"@type\":\"ImageObject\",\"inLanguage\":\"fr-FR\",\"@id\":\"https:\/\/caencharpente.fr\/?page_id=42#primaryimage\",\"url\":\"https:\/\/caencharpente.fr\/wp-content\/uploads\/elementor\/thumbs\/4-2-qd2iek2ufp88i578r9kvlahvdjo7d243th02bl7au8.webp\",\"contentUrl\":\"https:\/\/caencharpente.fr\/wp-content\/uploads\/elementor\/thumbs\/4-2-qd2iek2ufp88i578r9kvlahvdjo7d243th02bl7au8.webp\"},{\"@type\":\"BreadcrumbList\",\"@id\":\"https:\/\/caencharpente.fr\/?page_id=42#breadcrumb\",\"itemListElement\":[{\"@type\":\"ListItem\",\"position\":1,\"name\":\"Accueil\",\"item\":\"https:\/\/caencharpente.fr\/\"},{\"@type\":\"ListItem\",\"position\":2,\"name\":\"Portes\"}]},{\"@type\":\"WebSite\",\"@id\":\"https:\/\/caencharpente.fr\/#website\",\"url\":\"https:\/\/caencharpente.fr\/\",\"name\":\"Caen Charpente\",\"description\":\"\",\"publisher\":{\"@id\":\"https:\/\/caencharpente.fr\/#organization\"},\"potentialAction\":[{\"@type\":\"SearchAction\",\"target\":{\"@type\":\"EntryPoint\",\"urlTemplate\":\"https:\/\/caencharpente.fr\/?s={search_term_string}\"},\"query-input\":{\"@type\":\"PropertyValueSpecification\",\"valueRequired\":true,\"valueName\":\"search_term_string\"}}],\"inLanguage\":\"fr-FR\"},{\"@type\":\"Organization\",\"@id\":\"https:\/\/caencharpente.fr\/#organization\",\"name\":\"Caen Charpente\",\"url\":\"https:\/\/caencharpente.fr\/\",\"logo\":{\"@type\":\"ImageObject\",\"inLanguage\":\"fr-FR\",\"@id\":\"https:\/\/caencharpente.fr\/#\/schema\/logo\/image\/\",\"url\":\"https:\/\/caencharpente.fr\/wp-content\/uploads\/2023\/08\/cropped-cropped-cropped-Logo_CharpMenui_RVB__2_-removebg-preview-1920w.webp\",\"contentUrl\":\"https:\/\/caencharpente.fr\/wp-content\/uploads\/2023\/08\/cropped-cropped-cropped-Logo_CharpMenui_RVB__2_-removebg-preview-1920w.webp\",\"width\":1006,\"height\":248,\"caption\":\"Caen Charpente\"},\"image\":{\"@id\":\"https:\/\/caencharpente.fr\/#\/schema\/logo\/image\/\"}}]}<\/script>\n<!-- \/ Yoast SEO plugin. -->","yoast_head_json":{"title":"Portes - Caen Charpente","robots":{"index":"index","follow":"follow","max-snippet":"max-snippet:-1","max-image-preview":"max-image-preview:large","max-video-preview":"max-video-preview:-1"},"canonical":"https:\/\/caencharpente.fr\/?page_id=42","og_locale":"fr_FR","og_type":"article","og_title":"Portes - Caen Charpente","og_description":"PORTES Pose sur mesure de portes d&rsquo;entr\u00e9e et de garage \u00e0 Caen. Rendez-nous visite pour s\u00e9lectionner la porte d\u2019entr\u00e9e ou de garage qu\u2019il vous faut. Nos menuisiers con\u00e7oivent la porte qui vous ressemble. Style de fermeture, mati\u00e8re, forme ou couleur : soyez accompagn\u00e9 comme il se doit par notre bureau d\u2019\u00e9tudes. Obtenez une installation de [&hellip;]","og_url":"https:\/\/caencharpente.fr\/?page_id=42","og_site_name":"Caen Charpente","article_modified_time":"2024-01-18T15:29:33+00:00","og_image":[{"url":"https:\/\/caencharpente.fr\/wp-content\/uploads\/elementor\/thumbs\/4-2-qd2iek2ufp88i578r9kvlahvdjo7d243th02bl7au8.webp","type":"","width":"","height":""}],"twitter_card":"summary_large_image","twitter_misc":{"Dur\u00e9e de lecture estim\u00e9e":"3 minutes"},"schema":{"@context":"https:\/\/schema.org","@graph":[{"@type":"WebPage","@id":"https:\/\/caencharpente.fr\/?page_id=42","url":"https:\/\/caencharpente.fr\/?page_id=42","name":"Portes - Caen Charpente","isPartOf":{"@id":"https:\/\/caencharpente.fr\/#website"},"primaryImageOfPage":{"@id":"https:\/\/caencharpente.fr\/?page_id=42#primaryimage"},"image":{"@id":"https:\/\/caencharpente.fr\/?page_id=42#primaryimage"},"thumbnailUrl":"https:\/\/caencharpente.fr\/wp-content\/uploads\/elementor\/thumbs\/4-2-qd2iek2ufp88i578r9kvlahvdjo7d243th02bl7au8.webp","datePublished":"2023-08-11T08:35:51+00:00","dateModified":"2024-01-18T15:29:33+00:00","breadcrumb":{"@id":"https:\/\/caencharpente.fr\/?page_id=42#breadcrumb"},"inLanguage":"fr-FR","potentialAction":[{"@type":"ReadAction","target":["https:\/\/caencharpente.fr\/?page_id=42"]}]},{"@type":"ImageObject","inLanguage":"fr-FR","@id":"https:\/\/caencharpente.fr\/?page_id=42#primaryimage","url":"https:\/\/caencharpente.fr\/wp-content\/uploads\/elementor\/thumbs\/4-2-qd2iek2ufp88i578r9kvlahvdjo7d243th02bl7au8.webp","contentUrl":"https:\/\/caencharpente.fr\/wp-content\/uploads\/elementor\/thumbs\/4-2-qd2iek2ufp88i578r9kvlahvdjo7d243th02bl7au8.webp"},{"@type":"BreadcrumbList","@id":"https:\/\/caencharpente.fr\/?page_id=42#breadcrumb","itemListElement":[{"@type":"ListItem","position":1,"name":"Accueil","item":"https:\/\/caencharpente.fr\/"},{"@type":"ListItem","position":2,"name":"Portes"}]},{"@type":"WebSite","@id":"https:\/\/caencharpente.fr\/#website","url":"https:\/\/caencharpente.fr\/","name":"Caen Charpente","description":"","publisher":{"@id":"https:\/\/caencharpente.fr\/#organization"},"potentialAction":[{"@type":"SearchAction","target":{"@type":"EntryPoint","urlTemplate":"https:\/\/caencharpente.fr\/?s={search_term_string}"},"query-input":{"@type":"PropertyValueSpecification","valueRequired":true,"valueName":"search_term_string"}}],"inLanguage":"fr-FR"},{"@type":"Organization","@id":"https:\/\/caencharpente.fr\/#organization","name":"Caen Charpente","url":"https:\/\/caencharpente.fr\/","logo":{"@type":"ImageObject","inLanguage":"fr-FR","@id":"https:\/\/caencharpente.fr\/#\/schema\/logo\/image\/","url":"https:\/\/caencharpente.fr\/wp-content\/uploads\/2023\/08\/cropped-cropped-cropped-Logo_CharpMenui_RVB__2_-removebg-preview-1920w.webp","contentUrl":"https:\/\/caencharpente.fr\/wp-content\/uploads\/2023\/08\/cropped-cropped-cropped-Logo_CharpMenui_RVB__2_-removebg-preview-1920w.webp","width":1006,"height":248,"caption":"Caen Charpente"},"image":{"@id":"https:\/\/caencharpente.fr\/#\/schema\/logo\/image\/"}}]}},"_links":{"self":[{"href":"https:\/\/caencharpente.fr\/index.php?rest_route=\/wp\/v2\/pages\/42","targetHints":{"allow":["GET"]}}],"collection":[{"href":"https:\/\/caencharpente.fr\/index.php?rest_route=\/wp\/v2\/pages"}],"about":[{"href":"https:\/\/caencharpente.fr\/index.php?rest_route=\/wp\/v2\/types\/page"}],"author":[{"embeddable":true,"href":"https:\/\/caencharpente.fr\/index.php?rest_route=\/wp\/v2\/users\/1"}],"replies":[{"embeddable":true,"href":"https:\/\/caencharpente.fr\/index.php?rest_route=%2Fwp%2Fv2%2Fcomments&post=42"}],"version-history":[{"count":40,"href":"https:\/\/caencharpente.fr\/index.php?rest_route=\/wp\/v2\/pages\/42\/revisions"}],"predecessor-version":[{"id":2051,"href":"https:\/\/caencharpente.fr\/index.php?rest_route=\/wp\/v2\/pages\/42\/revisions\/2051"}],"wp:attachment":[{"href":"https:\/\/caencharpente.fr\/index.php?rest_route=%2Fwp%2Fv2%2Fmedia&parent=42"}],"curies":[{"name":"wp","href":"https:\/\/api.w.org\/{rel}","templated":true}]}}